{"id":9113,"date":"2023-01-06T09:00:24","date_gmt":"2023-01-06T08:00:24","guid":{"rendered":"https:\/\/jonelli-fashion.de\/?post_type=product&#038;p=9113"},"modified":"2023-01-11T00:00:07","modified_gmt":"2023-01-10T23:00:07","slug":"kombi-ebook-das-luftikuesschen-und-der-luftikuss-groesse-86-146-34-50","status":"publish","type":"product","link":"https:\/\/jonelli-fashion.de\/index.php\/produkt\/kombi-ebook-das-luftikuesschen-und-der-luftikuss-groesse-86-146-34-50\/","title":{"rendered":"Kombi-eBook Das Luftik\u00fcsschen und Der Luftikuss (Gr\u00f6\u00dfe 86-146 &#038; 34-50)"},"content":{"rendered":"\t\t<div data-elementor-type=\"wp-post\" data-elementor-id=\"9113\" class=\"elementor elementor-9113\">\n\t\t\t\t\t\t<section class=\"elementor-section elementor-top-section elementor-element elementor-element-031cc6c elementor-section-boxed elementor-section-height-default elementor-section-height-default\" data-id=\"031cc6c\" data-element_type=\"section\">\n\t\t\t\t\t\t<div class=\"elementor-container elementor-column-gap-default\">\n\t\t\t\t\t<div class=\"elementor-column elementor-col-100 elementor-top-column elementor-element elementor-element-41cdb99\" data-id=\"41cdb99\" data-element_type=\"column\">\n\t\t\t<div class=\"elementor-widget-wrap elementor-element-populated\">\n\t\t\t\t\t\t<div class=\"elementor-element elementor-element-dc07a33 elementor-widget elementor-widget-text-editor\" data-id=\"dc07a33\" data-element_type=\"widget\" data-widget_type=\"text-editor.default\">\n\t\t\t\t<div class=\"elementor-widget-container\">\n\t\t\t\t\t\t\t<p style=\"font-size: 16px; font-style: normal; font-weight: 400;\"><span style=\"font-size: 16px;\">Das Luftik\u00fcsschen ist ein&nbsp;<\/span><span style=\"font-size: 16px;\"><span style=\"font-weight: 700;\">Crop-Pullover<\/span><\/span><span style=\"font-size: 16px;\">&nbsp;f\u00fcr Kinder mit verschiedenen Ausschnitt- und Saumvarianten.<\/span><\/p>\n<p style=\"font-size: 16px; font-style: normal; font-weight: 400;\">\n<\/p><p style=\"font-size: 16px; font-style: normal; font-weight: 400;\"><span style=\"font-size: 16px;\">Das Luftik\u00fcsschen kann mit&nbsp;<\/span><span style=\"font-size: 16px;\"><span style=\"font-weight: 700;\">Kragen<\/span><\/span><span style=\"font-size: 16px;\">,&nbsp;<\/span><span style=\"font-size: 16px;\"><span style=\"font-weight: 700;\">Rundhals-<\/span><\/span><span style=\"font-size: 16px;\">&nbsp;oder<span style=\"font-weight: 700;\">&nbsp;<\/span><\/span><span style=\"font-size: 16px;\"><span style=\"font-weight: 700;\">V-Ausschnitt<\/span><\/span><span style=\"font-size: 16px;\">&nbsp;gen\u00e4ht werden.<\/span><\/p>\n<p style=\"font-size: 16px; font-style: normal; font-weight: 400;\">\n<\/p><p style=\"font-size: 16px; font-style: normal; font-weight: 400;\"><span style=\"font-size: 16px;\">Der Saum bietet zahlreiche verschiedene Varianten. So kann man beispielsweise den&nbsp;<\/span><span style=\"font-size: 16px;\"><span style=\"font-weight: 700;\">abgestuften Saum<\/span>&nbsp;<span style=\"font-weight: 700;\">mit seitlichem Schlitz<\/span><\/span><span style=\"font-size: 16px;\">&nbsp;w\u00e4hlen, bei dem das R\u00fcckteil l\u00e4nger ist als das Vorderteil.<\/span><\/p>\n<p style=\"font-size: 16px; font-style: normal; font-weight: 400;\"><span style=\"font-size: 16px;\">Es besteht au\u00dferdem die M\u00f6glichkeit den Pullover auf gleicher H\u00f6he zu s\u00e4umen und den&nbsp;<\/span><span style=\"font-size: 16px;\"><span style=\"font-weight: 700;\">Saum<\/span><\/span><span style=\"font-size: 16px;\">&nbsp;mit Hilfe eines Gummis zu<span style=\"font-weight: 700;\">&nbsp;<\/span><\/span><span style=\"font-size: 16px;\"><span style=\"font-weight: 700;\">raffen<\/span><\/span><span style=\"font-size: 16px;\">.<\/span><\/p>\n<p style=\"font-size: 16px; font-style: normal; font-weight: 400;\"><span style=\"font-size: 16px;\">Eine weitere Option ist der&nbsp;<\/span><span style=\"font-size: 16px;\"><span style=\"font-weight: 700;\">Bauchbund<\/span><\/span><span style=\"font-size: 16px;\">, welcher mit \u00d6senpatches und&nbsp;<\/span><span style=\"font-size: 16px;\">Kordelzug&nbsp;<\/span><span style=\"font-size: 16px;\">versehen werden kann.<\/span><\/p>\n<p style=\"font-size: 16px; font-style: normal; font-weight: 400;\">\n<\/p><p style=\"font-size: 16px; font-style: normal; font-weight: 400;\"><span style=\"font-size: 16px;\">Vor allem die schlichte, gerade Variante ist auch super f\u00fcr Jungs geeignet.<\/span><\/p>\n<p>\u2014\u2014\u2014\u2014\u2014\u2014\u2014\u2014\u2014\u2014\u2014\u2014\u2014\u2014\u2014\u2014\u2014\u2014\u2014\u2014\u2014\u2014\u2014\u2014\u2014\u2014\u2014&nbsp;<\/p>\n<p style=\"font-size: 15px; font-style: normal; font-weight: 400;\"><span style=\"font-size: 16px; color: var(--ast-global-color-3);\">Der Luftikuss ist ein&nbsp;<\/span><span style=\"font-weight: 700; font-size: 16px; color: var(--ast-global-color-3);\">Crop-Pullover<\/span><span style=\"font-size: 16px; color: var(--ast-global-color-3);\">&nbsp;f\u00fcr Damen mit verschiedenen Ausschnitt- und Saumvarianten.<\/span><br><\/p>\n<p style=\"font-size: 16px; font-style: normal; font-weight: 400;\"><span style=\"font-size: 16px;\">Der Luftikuss kann mit&nbsp;<span style=\"font-weight: 700;\">Kragen<\/span>,&nbsp;<span style=\"font-weight: 700;\">Rundhals-<\/span>&nbsp;oder&nbsp;<span style=\"font-weight: 700;\">V-Ausschnitt<\/span>&nbsp;gen\u00e4ht werden.<br>Der Saum bietet zahlreiche verschiedene Varianten. So kann man beispielsweise den&nbsp;<span style=\"font-weight: 700;\">abgestuften Saum mit seitlichem Schlitz<\/span>&nbsp;w\u00e4hlen, bei dem das R\u00fcckteil l\u00e4nger ist als das Vorderteil.<br>Es besteht au\u00dferdem die M\u00f6glichkeit den Pullover auf gleicher H\u00f6he zu&nbsp;<span style=\"font-weight: 700;\">s\u00e4umen<\/span>&nbsp;und den Saum mit Hilfe eines Gummis zu raffen.<br>Eine weitere Option ist der&nbsp;<span style=\"font-weight: 700;\">Bauchbund<\/span>, welcher mit \u00d6senpatches und Kordelzug versehen werden kann.<br><\/span><span style=\"font-size: 16px; font-style: normal; font-weight: 400; color: var(--ast-global-color-3);\">Bei den \u00c4rmeln hast du die Wahl zwischen<\/span><span style=\"font-size: 16px; font-style: normal; color: var(--ast-global-color-3);\"><span style=\"font-weight: 700;\">&nbsp;normalen \u00c4rmeln<\/span><\/span><span style=\"font-size: 16px; font-style: normal; font-weight: 400; color: var(--ast-global-color-3);\">&nbsp;oder<\/span><span style=\"font-size: 16px; font-style: normal; color: var(--ast-global-color-3);\"><span style=\"font-weight: 700;\">&nbsp;Bischofs\u00e4rmeln<\/span><\/span><span style=\"font-size: 16px; font-style: normal; font-weight: 400; color: var(--ast-global-color-3);\">.<br><\/span><span style=\"font-size: 16px; font-style: normal; font-weight: 400; color: var(--ast-global-color-3);\">Durch die kurze Passform ist der Luftikuss auch&nbsp;<\/span><span style=\"font-size: 16px; font-style: normal; color: var(--ast-global-color-3);\"><span style=\"font-weight: 700;\">umstandstauglich<\/span><\/span><span style=\"font-size: 16px; font-style: normal; font-weight: 400; color: var(--ast-global-color-3);\">&nbsp;und super zum&nbsp;<\/span><span style=\"font-size: 16px; font-style: normal; color: var(--ast-global-color-3);\"><span style=\"font-weight: 700;\">Stillen geeignet<\/span><\/span><span style=\"font-size: 16px; font-style: normal; font-weight: 400; color: var(--ast-global-color-3);\">.<\/span><\/p>\n<p>\u2014\u2014\u2014\u2014\u2014\u2014\u2014\u2014\u2014\u2014\u2014\u2014\u2014\u2014\u2014\u2014\u2014\u2014\u2014\u2014\u2014\u2014\u2014\u2014\u2014\u2014\u2014&nbsp;<\/p>\n<p>F\u00fcr die Schnitte eignen sich <b>dickere dehnbare Stoffe<\/b>, die<span style=\"font-size: 16px; font-style: normal; font-weight: 400; color: var(--ast-global-color-3);\">&nbsp;nicht zu starr fallen<\/span><span style=\"font-size: 16px; font-style: normal; font-weight: 400; color: var(--ast-global-color-3);\">,<\/span><span style=\"font-size: 16px; font-style: normal; font-weight: 400; color: var(--ast-global-color-3);\">&nbsp;wie bspw. French Terry, Sweat, Jacquard, Strickstoffe, o.\u00e4.<\/span><\/p>\n<p>Durch die sehr detaillierte, bebilderte Anleitung ist der Schnitt sowohl f\u00fcr&nbsp;<b>Anf\u00e4nger<\/b>, als auch f\u00fcr&nbsp;<b>fortgeschrittene&nbsp;N\u00e4her\/innen<\/b> geeignet.<\/p>\n<p>Das eBook beinhaltet eine&nbsp;<b>A4 Datei&nbsp;(mit Ebenenfunktion)<\/b>, sowie eine&nbsp;<b>A0 Datei&nbsp;mit Ebenenfunktion&nbsp;<\/b>f\u00fcr den Zuschnitt mit dem Beamer.<\/p>\n<p><b>Eine Nahtzugabe von 0,7cm ist bereits im Schnitt enthalten.<\/b><\/p>\n<p><\/p>\n<p><b>Folgendes ben\u00f6tigst du zum N\u00e4hen:<\/b><br>\u2013 N\u00e4hmaschine<br>\u2013 Stecknadeln oder Stoffclips<br>\u2013 Stoffschere oder Rollschneider<br>\u2013 Drucker oder Beamer<br>\u2013 T\u00fcddelkram (Kn\u00f6pfe, Satinband, Schleifen, etc.)<br>\u2013 Framilonband<br>&#8211; Gummiband<\/p>\t\t\t\t\t\t<\/div>\n\t\t\t\t<\/div>\n\t\t\t\t\t<\/div>\n\t\t<\/div>\n\t\t\t\t\t<\/div>\n\t\t<\/section>\n\t\t\t\t<\/div>\n\t\t","protected":false},"excerpt":{"rendered":"<p>Das Luftik\u00fcsschen\/Der Luftikuss ist ein Crop-Pullover mit verschiedenen Variationsm\u00f6glichkeiten. Und das Beste: ab sofort sogar im Partnerlook m\u00f6glich. Du erh\u00e4ltst das eBook in den Gr\u00f6\u00dfen 86-146 und 34-50.<\/p>\n","protected":false},"featured_media":9114,"comment_status":"open","ping_status":"closed","template":"","meta":{"site-sidebar-layout":"no-sidebar","site-content-layout":"page-builder","ast-global-header-display":"","ast-banner-title-visibility":"","ast-main-header-display":"","ast-hfb-above-header-display":"","ast-hfb-below-header-display":"","ast-hfb-mobile-header-display":"","site-post-title":"disabled","ast-breadcrumbs-content":"","ast-featured-img":"disabled","footer-sml-layout":"","theme-transparent-header-meta":"default","adv-header-id-meta":"","stick-header-meta":"","header-above-stick-meta":"","header-main-stick-meta":"","header-below-stick-meta":""},"product_cat":[15],"product_tag":[],"yoast_head":"<!-- This site is optimized with the Yoast SEO plugin v21.8.1 - https:\/\/yoast.com\/wordpress\/plugins\/seo\/ -->\n<title>Kombi-eBook Das Luftik\u00fcsschen und Der Luftikuss (Gr\u00f6\u00dfe 86-146 &amp; 34-50) - Jonelli Fashion<\/title>\n<meta name=\"description\" content=\"Das Luftik\u00fcsschen\/Der Luftikuss ist ein Crop-Pullover mit verschiedenen Variationsm\u00f6glichkeiten. Und das Beste: ab sofort sogar im Partnerlook m\u00f6glich. Du erh\u00e4ltst das eBook in den Gr\u00f6\u00dfen 86-146 und 34-50.\" \/>\n<meta name=\"robots\" content=\"index, follow, max-snippet:-1, max-image-preview:large, max-video-preview:-1\" \/>\n<link rel=\"canonical\" href=\"https:\/\/jonelli-fashion.de\/index.php\/produkt\/kombi-ebook-das-luftikuesschen-und-der-luftikuss-groesse-86-146-34-50\/\" \/>\n<meta property=\"og:locale\" content=\"de_DE\" \/>\n<meta property=\"og:type\" content=\"article\" \/>\n<meta property=\"og:title\" content=\"Kombi-eBook Das Luftik\u00fcsschen und Der Luftikuss (Gr\u00f6\u00dfe 86-146 &amp; 34-50) - Jonelli Fashion\" \/>\n<meta property=\"og:description\" content=\"Das Luftik\u00fcsschen\/Der Luftikuss ist ein Crop-Pullover mit verschiedenen Variationsm\u00f6glichkeiten. Und das Beste: ab sofort sogar im Partnerlook m\u00f6glich. Du erh\u00e4ltst das eBook in den Gr\u00f6\u00dfen 86-146 und 34-50.\" \/>\n<meta property=\"og:url\" content=\"https:\/\/jonelli-fashion.de\/index.php\/produkt\/kombi-ebook-das-luftikuesschen-und-der-luftikuss-groesse-86-146-34-50\/\" \/>\n<meta property=\"og:site_name\" content=\"Jonelli Fashion\" \/>\n<meta property=\"article:modified_time\" content=\"2023-01-10T23:00:07+00:00\" \/>\n<meta property=\"og:image\" content=\"https:\/\/jonelli-fashion.de\/wp-content\/uploads\/2023\/01\/Titelbild-Shop-Kombi.jpg\" \/>\n\t<meta property=\"og:image:width\" content=\"1414\" \/>\n\t<meta property=\"og:image:height\" content=\"2000\" \/>\n\t<meta property=\"og:image:type\" content=\"image\/jpeg\" \/>\n<meta name=\"twitter:card\" content=\"summary_large_image\" \/>\n<meta name=\"twitter:label1\" content=\"Gesch\u00e4tzte Lesezeit\" \/>\n\t<meta name=\"twitter:data1\" content=\"2\u00a0Minuten\" \/>\n<script type=\"application\/ld+json\" class=\"yoast-schema-graph\">{\"@context\":\"https:\/\/schema.org\",\"@graph\":[{\"@type\":\"WebPage\",\"@id\":\"https:\/\/jonelli-fashion.de\/index.php\/produkt\/kombi-ebook-das-luftikuesschen-und-der-luftikuss-groesse-86-146-34-50\/\",\"url\":\"https:\/\/jonelli-fashion.de\/index.php\/produkt\/kombi-ebook-das-luftikuesschen-und-der-luftikuss-groesse-86-146-34-50\/\",\"name\":\"Kombi-eBook Das Luftik\u00fcsschen und Der Luftikuss (Gr\u00f6\u00dfe 86-146 & 34-50) - Jonelli Fashion\",\"isPartOf\":{\"@id\":\"https:\/\/jonelli-fashion.de\/#website\"},\"datePublished\":\"2023-01-06T08:00:24+00:00\",\"dateModified\":\"2023-01-10T23:00:07+00:00\",\"description\":\"Das Luftik\u00fcsschen\/Der Luftikuss ist ein Crop-Pullover mit verschiedenen Variationsm\u00f6glichkeiten. Und das Beste: ab sofort sogar im Partnerlook m\u00f6glich. Du erh\u00e4ltst das eBook in den Gr\u00f6\u00dfen 86-146 und 34-50.\",\"breadcrumb\":{\"@id\":\"https:\/\/jonelli-fashion.de\/index.php\/produkt\/kombi-ebook-das-luftikuesschen-und-der-luftikuss-groesse-86-146-34-50\/#breadcrumb\"},\"inLanguage\":\"de\",\"potentialAction\":[{\"@type\":\"ReadAction\",\"target\":[\"https:\/\/jonelli-fashion.de\/index.php\/produkt\/kombi-ebook-das-luftikuesschen-und-der-luftikuss-groesse-86-146-34-50\/\"]}]},{\"@type\":\"BreadcrumbList\",\"@id\":\"https:\/\/jonelli-fashion.de\/index.php\/produkt\/kombi-ebook-das-luftikuesschen-und-der-luftikuss-groesse-86-146-34-50\/#breadcrumb\",\"itemListElement\":[{\"@type\":\"ListItem\",\"position\":1,\"name\":\"Startseite\",\"item\":\"https:\/\/jonelli-fashion.de\/\"},{\"@type\":\"ListItem\",\"position\":2,\"name\":\"Shop\",\"item\":\"https:\/\/jonelli-fashion.de\/index.php\/shop\/\"},{\"@type\":\"ListItem\",\"position\":3,\"name\":\"Kombi-eBook Das Luftik\u00fcsschen und Der Luftikuss (Gr\u00f6\u00dfe 86-146 &#038; 34-50)\"}]},{\"@type\":\"WebSite\",\"@id\":\"https:\/\/jonelli-fashion.de\/#website\",\"url\":\"https:\/\/jonelli-fashion.de\/\",\"name\":\"Jonelli Fashion\",\"description\":\"Wenn aus N\u00e4hen eine Leidenschaft wird\",\"potentialAction\":[{\"@type\":\"SearchAction\",\"target\":{\"@type\":\"EntryPoint\",\"urlTemplate\":\"https:\/\/jonelli-fashion.de\/?s={search_term_string}\"},\"query-input\":\"required name=search_term_string\"}],\"inLanguage\":\"de\"}]}<\/script>\n<!-- \/ Yoast SEO plugin. -->","yoast_head_json":{"title":"Kombi-eBook Das Luftik\u00fcsschen und Der Luftikuss (Gr\u00f6\u00dfe 86-146 & 34-50) - Jonelli Fashion","description":"Das Luftik\u00fcsschen\/Der Luftikuss ist ein Crop-Pullover mit verschiedenen Variationsm\u00f6glichkeiten. Und das Beste: ab sofort sogar im Partnerlook m\u00f6glich. Du erh\u00e4ltst das eBook in den Gr\u00f6\u00dfen 86-146 und 34-50.","robots":{"index":"index","follow":"follow","max-snippet":"max-snippet:-1","max-image-preview":"max-image-preview:large","max-video-preview":"max-video-preview:-1"},"canonical":"https:\/\/jonelli-fashion.de\/index.php\/produkt\/kombi-ebook-das-luftikuesschen-und-der-luftikuss-groesse-86-146-34-50\/","og_locale":"de_DE","og_type":"article","og_title":"Kombi-eBook Das Luftik\u00fcsschen und Der Luftikuss (Gr\u00f6\u00dfe 86-146 & 34-50) - Jonelli Fashion","og_description":"Das Luftik\u00fcsschen\/Der Luftikuss ist ein Crop-Pullover mit verschiedenen Variationsm\u00f6glichkeiten. Und das Beste: ab sofort sogar im Partnerlook m\u00f6glich. Du erh\u00e4ltst das eBook in den Gr\u00f6\u00dfen 86-146 und 34-50.","og_url":"https:\/\/jonelli-fashion.de\/index.php\/produkt\/kombi-ebook-das-luftikuesschen-und-der-luftikuss-groesse-86-146-34-50\/","og_site_name":"Jonelli Fashion","article_modified_time":"2023-01-10T23:00:07+00:00","og_image":[{"width":1414,"height":2000,"url":"https:\/\/jonelli-fashion.de\/wp-content\/uploads\/2023\/01\/Titelbild-Shop-Kombi.jpg","type":"image\/jpeg"}],"twitter_card":"summary_large_image","twitter_misc":{"Gesch\u00e4tzte Lesezeit":"2\u00a0Minuten"},"schema":{"@context":"https:\/\/schema.org","@graph":[{"@type":"WebPage","@id":"https:\/\/jonelli-fashion.de\/index.php\/produkt\/kombi-ebook-das-luftikuesschen-und-der-luftikuss-groesse-86-146-34-50\/","url":"https:\/\/jonelli-fashion.de\/index.php\/produkt\/kombi-ebook-das-luftikuesschen-und-der-luftikuss-groesse-86-146-34-50\/","name":"Kombi-eBook Das Luftik\u00fcsschen und Der Luftikuss (Gr\u00f6\u00dfe 86-146 & 34-50) - Jonelli Fashion","isPartOf":{"@id":"https:\/\/jonelli-fashion.de\/#website"},"datePublished":"2023-01-06T08:00:24+00:00","dateModified":"2023-01-10T23:00:07+00:00","description":"Das Luftik\u00fcsschen\/Der Luftikuss ist ein Crop-Pullover mit verschiedenen Variationsm\u00f6glichkeiten. Und das Beste: ab sofort sogar im Partnerlook m\u00f6glich. Du erh\u00e4ltst das eBook in den Gr\u00f6\u00dfen 86-146 und 34-50.","breadcrumb":{"@id":"https:\/\/jonelli-fashion.de\/index.php\/produkt\/kombi-ebook-das-luftikuesschen-und-der-luftikuss-groesse-86-146-34-50\/#breadcrumb"},"inLanguage":"de","potentialAction":[{"@type":"ReadAction","target":["https:\/\/jonelli-fashion.de\/index.php\/produkt\/kombi-ebook-das-luftikuesschen-und-der-luftikuss-groesse-86-146-34-50\/"]}]},{"@type":"BreadcrumbList","@id":"https:\/\/jonelli-fashion.de\/index.php\/produkt\/kombi-ebook-das-luftikuesschen-und-der-luftikuss-groesse-86-146-34-50\/#breadcrumb","itemListElement":[{"@type":"ListItem","position":1,"name":"Startseite","item":"https:\/\/jonelli-fashion.de\/"},{"@type":"ListItem","position":2,"name":"Shop","item":"https:\/\/jonelli-fashion.de\/index.php\/shop\/"},{"@type":"ListItem","position":3,"name":"Kombi-eBook Das Luftik\u00fcsschen und Der Luftikuss (Gr\u00f6\u00dfe 86-146 &#038; 34-50)"}]},{"@type":"WebSite","@id":"https:\/\/jonelli-fashion.de\/#website","url":"https:\/\/jonelli-fashion.de\/","name":"Jonelli Fashion","description":"Wenn aus N\u00e4hen eine Leidenschaft wird","potentialAction":[{"@type":"SearchAction","target":{"@type":"EntryPoint","urlTemplate":"https:\/\/jonelli-fashion.de\/?s={search_term_string}"},"query-input":"required name=search_term_string"}],"inLanguage":"de"}]}},"_links":{"self":[{"href":"https:\/\/jonelli-fashion.de\/index.php\/wp-json\/wp\/v2\/product\/9113"}],"collection":[{"href":"https:\/\/jonelli-fashion.de\/index.php\/wp-json\/wp\/v2\/product"}],"about":[{"href":"https:\/\/jonelli-fashion.de\/index.php\/wp-json\/wp\/v2\/types\/product"}],"replies":[{"embeddable":true,"href":"https:\/\/jonelli-fashion.de\/index.php\/wp-json\/wp\/v2\/comments?post=9113"}],"version-history":[{"count":6,"href":"https:\/\/jonelli-fashion.de\/index.php\/wp-json\/wp\/v2\/product\/9113\/revisions"}],"predecessor-version":[{"id":9122,"href":"https:\/\/jonelli-fashion.de\/index.php\/wp-json\/wp\/v2\/product\/9113\/revisions\/9122"}],"wp:featuredmedia":[{"embeddable":true,"href":"https:\/\/jonelli-fashion.de\/index.php\/wp-json\/wp\/v2\/media\/9114"}],"wp:attachment":[{"href":"https:\/\/jonelli-fashion.de\/index.php\/wp-json\/wp\/v2\/media?parent=9113"}],"wp:term":[{"taxonomy":"product_cat","embeddable":true,"href":"https:\/\/jonelli-fashion.de\/index.php\/wp-json\/wp\/v2\/product_cat?post=9113"},{"taxonomy":"product_tag","embeddable":true,"href":"https:\/\/jonelli-fashion.de\/index.php\/wp-json\/wp\/v2\/product_tag?post=9113"}],"curies":[{"name":"wp","href":"https:\/\/api.w.org\/{rel}","templated":true}]}}